{"id":55,"date":"2025-03-24T15:41:42","date_gmt":"2025-03-24T13:41:42","guid":{"rendered":"https:\/\/guia-prc-infantil-juvenil.recursos.uoc.edu\/preguntes-frequents\/?page_id=55"},"modified":"2025-04-09T09:48:34","modified_gmt":"2025-04-09T07:48:34","slug":"3-dudas-sobre-el-raep","status":"publish","type":"page","link":"https:\/\/guia-prc-infantil-juvenil.recursos.uoc.edu\/preguntes-frequents\/es\/3-dudas-sobre-el-raep\/","title":{"rendered":"3. Dudas sobre el RAEP"},"content":{"rendered":"<p><strong>\u00bfPuedo convalidar el Pr\u00e1cticum?<\/strong><\/p>\n<p>S\u00ed, siempre que cumplas los requisitos que puedes consultar en el Campus: \u00abReconocimientos y convalidaciones \/ Reconocimiento de la experiencia profesional\u00bb.<\/p>\n<p><strong>Tengo la intenci\u00f3n de solicitar el RAEP. \u00bfTengo que hacer la solicitud del Pr\u00e1cticum tambi\u00e9n?<\/strong><\/p>\n<p>Como los calendarios de resoluci\u00f3n de ambos tr\u00e1mites se solapan, recomendamos que solicites el RAEP y que, en paralelo, tambi\u00e9n solicites el Pr\u00e1cticum.<\/p>\n<p>En caso de que el RAEP se te deniegue, tendr\u00e1s hecha una solicitud del Pr\u00e1cticum. En caso de que el RAEP se acepte, la solicitud del Pr\u00e1cticum quedar\u00e1 anulada.<\/p>\n","protected":false},"excerpt":{"rendered":"<p>\u00bfPuedo convalidar el Pr\u00e1cticum? S\u00ed, siempre que cumplas los requisitos que puedes consultar en el Campus: \u00abReconocimientos y convalidaciones \/ Reconocimiento de la experiencia profesional\u00bb. Tengo la intenci\u00f3n de solicitar el RAEP. \u00bfTengo que hacer la solicitud del Pr\u00e1cticum tambi\u00e9n? Como los calendarios de resoluci\u00f3n de ambos tr\u00e1mites se solapan, recomendamos que solicites el RAEP [&hellip;]<\/p>\n","protected":false},"author":1,"featured_media":0,"parent":0,"menu_order":0,"comment_status":"closed","ping_status":"closed","template":"","meta":{"_acf_changed":false,"footnotes":""},"acf":[],"_links":{"self":[{"href":"https:\/\/guia-prc-infantil-juvenil.recursos.uoc.edu\/preguntes-frequents\/es\/wp-json\/wp\/v2\/pages\/55"}],"collection":[{"href":"https:\/\/guia-prc-infantil-juvenil.recursos.uoc.edu\/preguntes-frequents\/es\/wp-json\/wp\/v2\/pages"}],"about":[{"href":"https:\/\/guia-prc-infantil-juvenil.recursos.uoc.edu\/preguntes-frequents\/es\/wp-json\/wp\/v2\/types\/page"}],"author":[{"embeddable":true,"href":"https:\/\/guia-prc-infantil-juvenil.recursos.uoc.edu\/preguntes-frequents\/es\/wp-json\/wp\/v2\/users\/1"}],"replies":[{"embeddable":true,"href":"https:\/\/guia-prc-infantil-juvenil.recursos.uoc.edu\/preguntes-frequents\/es\/wp-json\/wp\/v2\/comments?post=55"}],"version-history":[{"count":3,"href":"https:\/\/guia-prc-infantil-juvenil.recursos.uoc.edu\/preguntes-frequents\/es\/wp-json\/wp\/v2\/pages\/55\/revisions"}],"predecessor-version":[{"id":69,"href":"https:\/\/guia-prc-infantil-juvenil.recursos.uoc.edu\/preguntes-frequents\/es\/wp-json\/wp\/v2\/pages\/55\/revisions\/69"}],"wp:attachment":[{"href":"https:\/\/guia-prc-infantil-juvenil.recursos.uoc.edu\/preguntes-frequents\/es\/wp-json\/wp\/v2\/media?parent=55"}],"curies":[{"name":"wp","href":"https:\/\/api.w.org\/{rel}","templated":true}]}}